{"id":2569,"date":"2021-08-25T14:02:50","date_gmt":"2021-08-25T14:02:50","guid":{"rendered":"https:\/\/proecotur.ro\/respect-pentru-apa-respect-pentru-peste\/?page_id=2569"},"modified":"2021-08-25T17:35:34","modified_gmt":"2021-08-25T17:35:34","slug":"caravana-de-informare","status":"publish","type":"page","link":"https:\/\/proecotur.ro\/respect-pentru-apa-respect-pentru-peste\/activitati\/caravana-de-informare\/","title":{"rendered":"Caravana de Informare"},"content":{"rendered":"<p>[vc_row][vc_column css=&#8221;.vc_custom_1629906219687{padding-bottom: 30px !important;}&#8221;][vc_column_text]Obiectivul general al proiectului este de a informa, con\u0219tientiza \u0219i implica comunit\u0103\u021bile locale din comunele Cavadine\u0219ti, Suceveni, Oancea, Vl\u0103de\u0219ti, M\u0103st\u0103cani, Folte\u0219ti, Frumu\u0219i\u021ba, Tuluce\u0219ti, \u0218endreni, Brani\u0219tea \u0219i a municipiului Gala\u021bi \u00een activit\u0103\u021bi menite s\u0103 educe, s\u0103 informeze \u0219i s\u0103 con\u0219tientizeze comunit\u0103\u021bile locale \u0219i nu numai, asupra impactului realizat de c\u0103tre poluarea mediului natural asupra vie\u021buitoarelor acvatice \u0219i \u00een principal a ihtiofaunei, inclusiv a pescuitului \u0219i a acvaculturii, pun\u00e2ndu-se \u00een prim plan necesitatea \u0219i importan\u021ba exploat\u0103rii durabile a resurselor piscicole \u0219i a patrimoniului natural \u00een comunit\u0103\u021bile din zona pesc\u0103reasc\u0103, prin punerea \u00een valoare a acvaculturii \u0219i a pescuitului tradi\u021bional.<\/p>\n<p>Astfel, prin toate localit\u0103\u021bile apar\u021bin\u00e2nd UAT-urilor men\u021bionate mai sus, \u00een perioada ianuarie \u2013 aprilie 2021 a circulat o <strong>CARAVAN\u0102 AUTO<\/strong> care a popularizat \u0219i informat popula\u021bia despre obiectivele proiectului, activit\u0103\u021bile desf\u0103\u0219urate pentru realizarea obiectivelor propuse, precum \u0219i despre rezultatele previzionate a fi ob\u021binute de la popula\u021bie cu privire la schimbarea mentalit\u0103\u021bii privind mediul \u00eenconjur\u0103tor.<\/p>\n<p>Cu aceast\u0103 ocazie, au fost diseminate materiale de promovare (bro\u0219uri, pliante) at\u00e2t locuitorilor din comunitate c\u00e2t \u0219i eventual altor persoane aflate \u00een trecere prin localitate \u0219i au fost asigurate \u0219i servicii de catering pentru acestea (ap\u0103, cafea, ceai, zah\u0103r).<\/p>\n<p>Au fost completate \u0219i liste de semn\u0103turi de c\u0103tre persoanele care au fost informate.[\/vc_column_text][\/vc_column][\/vc_row][vc_row][vc_column][vc_gallery type=&#8221;image_grid&#8221; images=&#8221;2640,2641,2643,2644,2645,2646,2647,2648,2651,2652,2653,2654,2656,2657,2658,2659,2660,2661,2662,2663,2664,2665,2666,2667,2668,2669,2670,2671,2672,2673,2676,2678,2679,2680,2681,2682,2683,2685,2686,2687,2688,2689&#8243; css_animation=&#8221;none&#8221;][\/vc_column][\/vc_row]<\/p>\n","protected":false},"excerpt":{"rendered":"<p>[vc_row][vc_column css=&#8221;.vc_custom_1629906219687{padding-bottom: 30px !important;}&#8221;][vc_column_text]Obiectivul general al proiectului este de a informa, con\u0219tientiza \u0219i implica comunit\u0103\u021bile locale din comunele Cavadine\u0219ti, Suceveni, Oancea, Vl\u0103de\u0219ti, [&hellip;]<\/p>\n","protected":false},"author":1,"featured_media":0,"parent":2420,"menu_order":0,"comment_status":"closed","ping_status":"closed","template":"","meta":{"footnotes":""},"categories":[],"tags":[67],"class_list":["post-2569","page","type-page","status-publish","hentry","tag-activitati"],"_links":{"self":[{"href":"https:\/\/proecotur.ro\/respect-pentru-apa-respect-pentru-peste\/wp-json\/wp\/v2\/pages\/2569","targetHints":{"allow":["GET"]}}],"collection":[{"href":"https:\/\/proecotur.ro\/respect-pentru-apa-respect-pentru-peste\/wp-json\/wp\/v2\/pages"}],"about":[{"href":"https:\/\/proecotur.ro\/respect-pentru-apa-respect-pentru-peste\/wp-json\/wp\/v2\/types\/page"}],"author":[{"embeddable":true,"href":"https:\/\/proecotur.ro\/respect-pentru-apa-respect-pentru-peste\/wp-json\/wp\/v2\/users\/1"}],"replies":[{"embeddable":true,"href":"https:\/\/proecotur.ro\/respect-pentru-apa-respect-pentru-peste\/wp-json\/wp\/v2\/comments?post=2569"}],"version-history":[{"count":8,"href":"https:\/\/proecotur.ro\/respect-pentru-apa-respect-pentru-peste\/wp-json\/wp\/v2\/pages\/2569\/revisions"}],"predecessor-version":[{"id":2761,"href":"https:\/\/proecotur.ro\/respect-pentru-apa-respect-pentru-peste\/wp-json\/wp\/v2\/pages\/2569\/revisions\/2761"}],"up":[{"embeddable":true,"href":"https:\/\/proecotur.ro\/respect-pentru-apa-respect-pentru-peste\/wp-json\/wp\/v2\/pages\/2420"}],"wp:attachment":[{"href":"https:\/\/proecotur.ro\/respect-pentru-apa-respect-pentru-peste\/wp-json\/wp\/v2\/media?parent=2569"}],"wp:term":[{"taxonomy":"category","embeddable":true,"href":"https:\/\/proecotur.ro\/respect-pentru-apa-respect-pentru-peste\/wp-json\/wp\/v2\/categories?post=2569"},{"taxonomy":"post_tag","embeddable":true,"href":"https:\/\/proecotur.ro\/respect-pentru-apa-respect-pentru-peste\/wp-json\/wp\/v2\/tags?post=2569"}],"curies":[{"name":"wp","href":"https:\/\/api.w.org\/{rel}","templated":true}]}}